{"id":2279,"date":"2017-09-19T11:43:02","date_gmt":"2017-09-19T09:43:02","guid":{"rendered":"http:\/\/www.cirdic.fr\/?page_id=2279"},"modified":"2017-09-19T11:43:02","modified_gmt":"2017-09-19T09:43:02","slug":"dejeuners-autour-dun-livre","status":"publish","type":"page","link":"https:\/\/www.cirdic.fr\/index.php\/evenements-cirdic\/dejeuners-autour-dun-livre\/","title":{"rendered":"D\u00e9jeuners autour d&rsquo;un livre"},"content":{"rendered":"<p style=\"text-align: justify;\"><strong>Le principe :<\/strong> un groupe de dix \u00e0 vingt personnes se r\u00e9unit 8 fois de suite autour d&rsquo;extraits d&rsquo;un livre. Ceux qui le veulent lisent \u00e0 haute voix. Et chapitre par chapitre, partie par partie, nous nous assurons ensemble de notre compr\u00e9hension commune de ce qui est \u00e9crit.<\/p>\n<p style=\"text-align: justify;\"><a href=\"https:\/\/www.cirdic.fr\/wp-content\/uploads\/2017\/04\/La-messe_lustiger_bayard_2009.jpg\"><img loading=\"lazy\" decoding=\"async\" class=\"alignleft size-medium wp-image-1782\" src=\"https:\/\/www.cirdic.fr\/wp-content\/uploads\/2017\/04\/La-messe_lustiger_bayard_2009-200x300.jpg\" alt=\"\" width=\"200\" height=\"300\" srcset=\"https:\/\/www.cirdic.fr\/wp-content\/uploads\/2017\/04\/La-messe_lustiger_bayard_2009-200x300.jpg 200w, https:\/\/www.cirdic.fr\/wp-content\/uploads\/2017\/04\/La-messe_lustiger_bayard_2009.jpg 300w\" sizes=\"auto, (max-width: 200px) 85vw, 200px\" \/><\/a>Le premier livre \u00e9tudi\u00e9 sera <em>\u00ab\u00a0La Messe\u00a0\u00bb<\/em> du cardinal Jean-Marie Lustiger.<\/p>\n<p style=\"text-align: justify;\">Ce livre int\u00e9resse la question des relations entre le juda\u00efsme et le christianisme en ce que Jean-Marie Lustiger d\u00e9crit, explique, \u00e0 sa mani\u00e8re, dans ce livre le d\u00e9roulement de la Messe, tout en se r\u00e9f\u00e9rant fr\u00e9quemment et comme naturellement \u00e0 la liturgie du Temple et \u00e0 celle du Juda\u00efsme contemporain.<\/p>\n<p style=\"text-align: justify;\">Les participants qui ont d&rsquo;une mani\u00e8re ou d&rsquo;une autre une exp\u00e9rience de l&rsquo;une ou l&rsquo;autre des liturgies, et m\u00eame parfois connaissant l&rsquo;h\u00e9breu biblique ou rabbinique, ensemble, s&rsquo;expliquent mutuellement ce qui est lu.<\/p>\n<p>Animateurs : p\u00e8re Thierry Vernet \/ Amaury Derville<\/p>\n<p>MAJ : 21\/09\/17, AB<\/p>\n<p>&nbsp;<\/p>\n","protected":false},"excerpt":{"rendered":"<p>Le principe : un groupe de dix \u00e0 vingt personnes se r\u00e9unit 8 fois de suite autour d&rsquo;extraits d&rsquo;un livre. Ceux qui le veulent lisent \u00e0 haute voix. Et chapitre par chapitre, partie par partie, nous nous assurons ensemble de notre compr\u00e9hension commune de ce qui est \u00e9crit. Le premier livre \u00e9tudi\u00e9 sera \u00ab\u00a0La Messe\u00a0\u00bb &hellip; <a href=\"https:\/\/www.cirdic.fr\/index.php\/evenements-cirdic\/dejeuners-autour-dun-livre\/\" class=\"more-link\">Continuer la lecture<span class=\"screen-reader-text\"> de &laquo;&nbsp;D\u00e9jeuners autour d&rsquo;un livre&nbsp;&raquo;<\/span><\/a><\/p>\n","protected":false},"author":2,"featured_media":0,"parent":635,"menu_order":0,"comment_status":"closed","ping_status":"closed","template":"","meta":{"footnotes":""},"class_list":["post-2279","page","type-page","status-publish","hentry"],"jetpack_sharing_enabled":true,"_links":{"self":[{"href":"https:\/\/www.cirdic.fr\/index.php\/wp-json\/wp\/v2\/pages\/2279","targetHints":{"allow":["GET"]}}],"collection":[{"href":"https:\/\/www.cirdic.fr\/index.php\/wp-json\/wp\/v2\/pages"}],"about":[{"href":"https:\/\/www.cirdic.fr\/index.php\/wp-json\/wp\/v2\/types\/page"}],"author":[{"embeddable":true,"href":"https:\/\/www.cirdic.fr\/index.php\/wp-json\/wp\/v2\/users\/2"}],"replies":[{"embeddable":true,"href":"https:\/\/www.cirdic.fr\/index.php\/wp-json\/wp\/v2\/comments?post=2279"}],"version-history":[{"count":0,"href":"https:\/\/www.cirdic.fr\/index.php\/wp-json\/wp\/v2\/pages\/2279\/revisions"}],"up":[{"embeddable":true,"href":"https:\/\/www.cirdic.fr\/index.php\/wp-json\/wp\/v2\/pages\/635"}],"wp:attachment":[{"href":"https:\/\/www.cirdic.fr\/index.php\/wp-json\/wp\/v2\/media?parent=2279"}],"curies":[{"name":"wp","href":"https:\/\/api.w.org\/{rel}","templated":true}]}}