{"id":1460,"date":"2017-03-07T19:55:43","date_gmt":"2017-03-07T18:55:43","guid":{"rendered":"http:\/\/www.cirdic.fr\/?page_id=1460"},"modified":"2025-04-10T07:50:13","modified_gmt":"2025-04-10T05:50:13","slug":"centre-dinitiatives-pour-les-relations-et-le-dialogue-entre-juifs-et-chretiens","status":"publish","type":"page","link":"https:\/\/www.cirdic.fr\/index.php\/centre-dinitiatives-pour-les-relations-et-le-dialogue-entre-juifs-et-chretiens\/","title":{"rendered":"Centre d&rsquo;Initiatives pour les Relations et le Dialogue entre Juifs et Chr\u00e9tiens"},"content":{"rendered":"<p style=\"font-weight: 400; text-align: center;\"><strong>\u00ab Quiconque rencontre J\u00e9sus-Christ, rencontre le juda\u00efsme \u00bb, <\/strong><\/p>\n<p style=\"font-weight: 400; text-align: center;\"><strong>Jean-Paul II \u00e0 Mayence, Le 17 novembre 1980<\/strong><\/p>\n<p><strong><a href=\"https:\/\/dioceseparis.fr\/391-Jean-Paul-II-aux-representants.html\">https:\/\/dioceseparis.fr\/391-Jean-Paul-II-aux-representants.html\u00a0<\/a><\/strong><\/p>\n<p><em>\u00a0<\/em><\/p>\n<p style=\"text-align: justify;\"><em>L\u2019\u00c9glise ne peut oublier qu\u2019elle a re\u00e7u la r\u00e9v\u00e9lation de l\u2019Ancien Testament par ce peuple avec lequel Dieu, dans sa mis\u00e9ricorde indicible, a daign\u00e9 conclure l\u2019antique Alliance, et qu\u2019elle se nourrit de la racine de l\u2019olivier franc sur lequel ont \u00e9t\u00e9 greff\u00e9s les rameaux de l\u2019olivier sauvage que sont les Gentils\u2026 Du fait d\u2019un si grand patrimoine spirituel, commun aux chr\u00e9tiens et aux Juifs, le saint Concile veut encourager et recommander la connaissance et l\u2019estime mutuelles, qui na\u00eetront surtout d\u2019\u00e9tudes bibliques et th\u00e9ologiques, ainsi que d\u2019un dialogue fraternel.\u00a0\u00bb.<\/em><\/p>\n<p style=\"text-align: justify;\"><strong><em>Nostra Aetate<\/em> ch. 4, Concile de Vatican II, 1965.<\/strong><\/p>\n<h2 style=\"text-align: justify;\">Mission du CIRDIC<\/h2>\n<p style=\"text-align: justify;\">Dans la continuit\u00e9 du SIDIC, Association fond\u00e9e par les S\u0153urs de Sion, le CIRDIC\u00a0: <strong>\u00ab\u00a0Centre d\u2019Initiatives pour les Relations et le Dialogue entre Juifs et Chr\u00e9tiens,\u00a0\u00bb<\/strong>\u00a0veut promouvoir de nouvelles actions pour l&rsquo;approfondissement des relations entre le peuple juif et les chr\u00e9tiens. Il se donne pour mission de :<\/p>\n<ul>\n<li style=\"text-align: justify;\"><strong>Soutenir<\/strong> par tous les moyens l\u2019\u00e9tude, la recherche et l\u2019enseignement des racines juives du Christianisme afin de stimuler, dans l\u2019Eglise, la connaissance et l\u2019estime mutuelles du peuple juif dans sa diversit\u00e9, jusque sur la terre d&rsquo;Isra\u00ebl.<\/li>\n<li style=\"text-align: justify;\"><strong>Organiser<\/strong> des \u00e9changes, des s\u00e9minaires, des colloques, des conf\u00e9rences, des pr\u00e9sentations, des ateliers, des formations, des cours, des publications, en relation avec ces questions.<\/li>\n<li style=\"text-align: justify;\"><strong>Encourager<\/strong> les uns et les autres \u00e0 agir ensemble notamment dans les domaines social, \u00e9ducatif et culturel.<\/li>\n<li style=\"text-align: justify;\"><strong>Promouvoir<\/strong> les valeurs qui leur sont communes et \u0153uvrer en faveur du respect de la dignit\u00e9 humaine.<\/li>\n<\/ul>\n<p style=\"text-align: justify;\">Merci de nous encourager, de nous soutenir, de nous aider \u00e0 d\u00e9velopper ces nouvelles missions qui permettront, dans le monde d\u2019aujourd\u2019hui, de continuer \u00e0 faire vivre tout ce que le SIDIC a cr\u00e9\u00e9, sem\u00e9 et apport\u00e9 pour l\u2019approfondissement des relations entre juifs et chr\u00e9tiens.<\/p>\n","protected":false},"excerpt":{"rendered":"<p>\u00ab Quiconque rencontre J\u00e9sus-Christ, rencontre le juda\u00efsme \u00bb, Jean-Paul II \u00e0 Mayence, Le 17 novembre 1980 https:\/\/dioceseparis.fr\/391-Jean-Paul-II-aux-representants.html\u00a0 \u00a0 L\u2019\u00c9glise ne peut oublier qu\u2019elle a re\u00e7u la r\u00e9v\u00e9lation de l\u2019Ancien Testament par ce peuple avec lequel Dieu, dans sa mis\u00e9ricorde indicible, a daign\u00e9 conclure l\u2019antique Alliance, et qu\u2019elle se nourrit de la racine de l\u2019olivier franc &hellip; <a href=\"https:\/\/www.cirdic.fr\/index.php\/centre-dinitiatives-pour-les-relations-et-le-dialogue-entre-juifs-et-chretiens\/\" class=\"more-link\">Continuer la lecture<span class=\"screen-reader-text\"> de &laquo;&nbsp;Centre d&rsquo;Initiatives pour les Relations et le Dialogue entre Juifs et Chr\u00e9tiens&nbsp;&raquo;<\/span><\/a><\/p>\n","protected":false},"author":2,"featured_media":0,"parent":0,"menu_order":0,"comment_status":"closed","ping_status":"closed","template":"","meta":{"footnotes":""},"class_list":["post-1460","page","type-page","status-publish","hentry"],"jetpack_sharing_enabled":true,"_links":{"self":[{"href":"https:\/\/www.cirdic.fr\/index.php\/wp-json\/wp\/v2\/pages\/1460","targetHints":{"allow":["GET"]}}],"collection":[{"href":"https:\/\/www.cirdic.fr\/index.php\/wp-json\/wp\/v2\/pages"}],"about":[{"href":"https:\/\/www.cirdic.fr\/index.php\/wp-json\/wp\/v2\/types\/page"}],"author":[{"embeddable":true,"href":"https:\/\/www.cirdic.fr\/index.php\/wp-json\/wp\/v2\/users\/2"}],"replies":[{"embeddable":true,"href":"https:\/\/www.cirdic.fr\/index.php\/wp-json\/wp\/v2\/comments?post=1460"}],"version-history":[{"count":6,"href":"https:\/\/www.cirdic.fr\/index.php\/wp-json\/wp\/v2\/pages\/1460\/revisions"}],"predecessor-version":[{"id":4473,"href":"https:\/\/www.cirdic.fr\/index.php\/wp-json\/wp\/v2\/pages\/1460\/revisions\/4473"}],"wp:attachment":[{"href":"https:\/\/www.cirdic.fr\/index.php\/wp-json\/wp\/v2\/media?parent=1460"}],"curies":[{"name":"wp","href":"https:\/\/api.w.org\/{rel}","templated":true}]}}